{"id":381,"date":"2013-06-10T17:11:26","date_gmt":"2013-06-10T15:11:26","guid":{"rendered":"http:\/\/www.andreknops.com\/?page_id=381"},"modified":"2026-02-19T09:57:51","modified_gmt":"2026-02-19T08:57:51","slug":"news","status":"publish","type":"page","link":"http:\/\/www.andreknops.com\/?page_id=381","title":{"rendered":"NEWS"},"content":{"rendered":"<p>What&#8217;s new in the lab?<\/p>\n<p>19\/02\/2026<\/p>\n<p>Another paper has been accepted for publication. This one is from Marie Jaquel&#8217;s PhD project. Congrats Marie!<\/p>\n<p>Title: The Temporal Momentum Effect Reflects Temporal Cognition and Cannot be Entirely Explained by Central Tendency and Range Effects<\/p>\n<p>Authors: Jacquel, M. Viarouge, A. &amp; Knops, A.<\/p>\n<p>17\/02\/2026<\/p>\n<p>A paper has been accepted for publication in Scientific Reports. Congrats to Lea Chretien, Arnaud Viarouge and Nicolas Poirel!<\/p>\n<p>Title: Local\/global visual processing impacts numerosity-magnitude conflict resolution.<\/p>\n<p>Authors: Chr\u00e9tien, L., Poirel, N., Knops, A., &amp; Viarouge, A.\u00a0<\/p>\n<p>12\/02\/2026<\/p>\n<p>A paper has been accepted for publication in ZDM-Mathematics Education! Congratulations to Daniel Janko and Camila Agostino!<\/p>\n<p>Title: Drill-training leads to both procedural acceleration and increased memory retrieval in complex addition and subtraction problems<\/p>\n<p>Authors: Janko, D. Agostino, C.S., Willmes, K. &amp; Knops, A.<\/p>\n<p>22\/01\/2026<\/p>\n<p>Congratulations to Alexis Garsmeur for his first accepted paper entitled &#8222;Dissociation of size and distance effect in numerical magnitude comparison in less familiar number ranges&#8220; in the Journal of Cognition. Roxane Morand also contributed to this with the work she did during her M1 thesis.<\/p>\n<p>Title: Dissociation of size and distance effect in numerical magnitude comparison in less familiar number ranges<\/p>\n<p>Authors: Garsmeur, A., Morand, R., &amp; Knops, A.<\/p>\n<p>18\/12\/2025<\/p>\n<p>Happy to announce that I will join the MCLS Governing Board! Looking forward to contributing to the Society\u2019s activities in this role. \ud83d\ude42<\/p>\n<p>12\/12\/2025<\/p>\n<p>Congratulations to Marie Jacquel who successfully defended her PhD thesis today! It was my pleasure to work with you, Marie!\u00a0<\/p>\n<p>Thanks to all the jury members who were kind enough to come to Paris and engage with Marie in an inspiring discussion: Pom Charras, Mario Bonato, Anne Giersch, Stefan Glasaur and Laura Dugu\u00e9.\u00a0<\/p>\n<p>05\/12\/2025<\/p>\n<p>Another paper has been accepted for publication in the Journal of Cognition and Development. Thanks to Gisella Decarli and Lola de Hevia for the opportunity to collaborate on this!<\/p>\n<p>Title: Relationship between inhibitory skills and numerical momentum in infancy.\u00a0<\/p>\n<p>Authors: Decarli, G., Illikoud, N., Granjon, L., Knops, A., Viarouge, A., &amp; de Hevia, M.D.\u00a0<\/p>\n<p>01\/11\/2025<\/p>\n<p>Delighted to welcome <a href=\"https:\/\/www.lapsyde.com\/membres\/celia-couve\">C\u00e9lia Couve<\/a> in the lab. She will be working on the ANR project in collaboration with Laura Dugu\u00e9. Looking forward to working on this!<\/p>\n<p>16\/10\/2025<\/p>\n<p>Yes! Thanks to the excellent work of Sixtine Omont-Lescieux and Ilse Coolen, a new paper has been accepted for publication in Child Development.<\/p>\n<p>Title: The role of inhibition in the development of arithmetic skills &#8211; a cross-sectional study in 5- and 7-year-old children<\/p>\n<p>Authors: Sixtine Omont-Lescieux, Andr\u00e9 Knops &amp; Ilse Coolen<\/p>\n<p>01\/10\/2025<\/p>\n<p>Happy to welcome Roxane Morand in the lab. Thanks to the fiunding from the doctoral school ED261, we will explore the contextual and interpersonal factors influencing the spatial coding of acquired knowledge.\u00a0<\/p>\n<p>18\/07\/2025<\/p>\n<p>Wonderful news from the ANR who will fund my project that is probing the role of space as a representational medium (Space in Mind and Brain, SiMaB), in collaboration with <a href=\"https:\/\/www.duguelab.com\/resume-dugue\">Laura Dugu\u00e9<\/a> from the INCC!<\/p>\n<p>04\/03\/2025<\/p>\n<p>A delightful dinner after enjoying two days of exchange on the Bounces projet in Paris \ud83d\ude42<\/p>\n<p><a href=\"http:\/\/www.andreknops.com\/?attachment_id=968\" rel=\"attachment wp-att-968\"><img loading=\"lazy\" decoding=\"async\" class=\"alignleft size-large wp-image-968\" src=\"http:\/\/www.andreknops.com\/wordpress\/wp-content\/uploads\/2025\/10\/20250303_232324-1-1024x548.jpg\" alt=\"\" width=\"960\" height=\"514\" srcset=\"http:\/\/www.andreknops.com\/wordpress\/wp-content\/uploads\/2025\/10\/20250303_232324-1-1024x548.jpg 1024w, http:\/\/www.andreknops.com\/wordpress\/wp-content\/uploads\/2025\/10\/20250303_232324-1-300x161.jpg 300w, http:\/\/www.andreknops.com\/wordpress\/wp-content\/uploads\/2025\/10\/20250303_232324-1-768x411.jpg 768w, http:\/\/www.andreknops.com\/wordpress\/wp-content\/uploads\/2025\/10\/20250303_232324-1-1536x822.jpg 1536w, http:\/\/www.andreknops.com\/wordpress\/wp-content\/uploads\/2025\/10\/20250303_232324-1-2048x1096.jpg 2048w\" sizes=\"auto, (max-width: 960px) 100vw, 960px\" \/><\/a><\/p>\n<p>08\/07\/2024<\/p>\n<p>Back from a few trips, including the 7th Annual Meeting of the MCLS in (boiling hot) Washington DC. That was a wonderful trip with a rich program. Well done, organizing this, Ilaria! \ud83d\ude42<\/p>\n<p>Then there was 1st gathering of the partners in the BounCeS project in York, organized by Silke Goebel. It was wonderful meeting all our partners and having a rich exchange. \ud83d\ude42<\/p>\n<p>Following our meeting, we attended the EPS conference where Alexis gave his first talk that was very well reveived. Bravo, Alexis!<\/p>\n<p><a href=\"http:\/\/www.andreknops.com\/?attachment_id=952\" rel=\"attachment wp-att-952\"><img loading=\"lazy\" decoding=\"async\" class=\"alignleft wp-image-952 size-large\" src=\"http:\/\/www.andreknops.com\/wordpress\/wp-content\/uploads\/2024\/07\/BounCeS-meeting-York-2024-1024x400.png\" alt=\"\" width=\"960\" height=\"375\" srcset=\"http:\/\/www.andreknops.com\/wordpress\/wp-content\/uploads\/2024\/07\/BounCeS-meeting-York-2024-1024x400.png 1024w, http:\/\/www.andreknops.com\/wordpress\/wp-content\/uploads\/2024\/07\/BounCeS-meeting-York-2024-300x117.png 300w, http:\/\/www.andreknops.com\/wordpress\/wp-content\/uploads\/2024\/07\/BounCeS-meeting-York-2024-768x300.png 768w, http:\/\/www.andreknops.com\/wordpress\/wp-content\/uploads\/2024\/07\/BounCeS-meeting-York-2024-1536x600.png 1536w, http:\/\/www.andreknops.com\/wordpress\/wp-content\/uploads\/2024\/07\/BounCeS-meeting-York-2024-2048x800.png 2048w\" sizes=\"auto, (max-width: 960px) 100vw, 960px\" \/><\/a><\/p>\n<p>29.05.2024<\/p>\n<p>I was ranked 3rd in the comptetition for becoming one of seven new research directors (Directeur de Recherche, 2eme class) in section 26 of the CNRS! \u00a0 :-))))<\/p>\n<p>This is great news after having tried in vein last year!<\/p>\n<p>08.03.2024<\/p>\n<p>Yes! A new paper has been accepted for publication in Psychonomic Bulletin &amp; Review.<\/p>\n<p>Title: Spatial attention in mental arithmetic \u2013 a literature review and meta-analysis<\/p>\n<p>Authors: J\u00e9r\u00f4me Prado &amp; Andr\u00e9 Knops<\/p>\n<p>15.01.2024<\/p>\n<p>We welcome G\u00f6zde Vatansever as a post-doctoral researcher in the lab! I am looking forward to working with her in the representational characteristics of conceptual knowledge and its dynamic.<\/p>\n<p>14.12.2023<\/p>\n<p>Maria Glaser successfully defended her PhD theses at the HU Berlin! Congrats, Maria. It has been a pleasure working with you.<\/p>\n<p>08.12.2023<\/p>\n<p>Sixtine Omont-Lescieux has successfully deended her PhD theses! Congrats, Sixtine!<\/p>\n<p>17.07.2023<\/p>\n<p>A paper has been accepted for publication in Journal of Cognition! Yeah \ud83d\ude42<\/p>\n<p>Title: Now you see it, now you don\u2019t &#8211; Cognitive skills and their contributions to mathematics across early development<\/p>\n<p>Authors: Ilse Coolen, Sixtine Omont-Lescieux &amp; Andr\u00e9 Knops<\/p>\n<p>23.06.2023<\/p>\n<p>Inaugurative meeting of the <span style=\"color: #ff0000;\">Co<\/span>gnitive <span style=\"color: #ff0000;\">N<\/span>euroscience of <span style=\"color: #ff0000;\">Numer<\/span>ical <span style=\"color: #ff0000;\">A<\/span>bilities and <span style=\"color: #ff0000;\">t<\/span>heir <span style=\"color: #ff0000;\">Ed<\/span>ucation (CONNUMERATED) group within and beyond LaPsyD\u00c9. A forum gathering the folks interested in numerical cognition and exchanging about theories, concepts and methods.<\/p>\n<p>31.03.2023<\/p>\n<p>Looking forward to my trip to Seattle tomorrow. Following the invitation by the Gatesfoundation, I will explore the mathematical and algebraic limitations of the Large Language Model, Chat GPT4 from the perspective of the cognitive science of numeracy. In presence of Bill Gates. Exciting!<\/p>\n<p>27.02.2023<\/p>\n<p>Looking forward to the TeaP conference of experimental psychology in Trier that starts today. We will have a nice symposium on the question how spatial numbers are with contributions by Martin Fischer, Fabrizio Doricchi, T\u00e2nia Ramos, Jolien Moorkens, Stefan Smaczny and myself (work with Guido Hesselmann).<\/p>\n<p>27.01.2023<\/p>\n<p>A paper has been accepted in Experimental Psychology! Congratst o Daniele, Matthias and Maria!<\/p>\n<p>Title: Probing the dual-route model of the SNARC effect by orthogonalising processing speed and depth<\/p>\n<p>Authors: Didino, D., Brandtner, M., Glaser, M., Knops, A.<\/p>\n<p>23.01.2023<\/p>\n<p>And there it is! After a long period of revising and re-analysis, Cortex has officially accepted our manuscript &#8222;Overlapping but separate number representations in the intraparietal sulcus \u2013 probing format- and modality-independence in sighted Braille readers&#8220; for publication. Congrats Maria &#8211; for the paper and for your stamina!<\/p>\n<p>08.01.2023<\/p>\n<p>A paper has been accepted for publication (pending minor revisions) in Cortex &#8211; <span class=\"u-display-block text-s\">A Journal devoted to the Study of the Nervous System and Behavior<\/span>. In this paper with Maria <span aria-label=\"Maria Czarnecka (Aus meinen Google-Kontakten)\" data-tooltip=\"Maria Czarnecka (Aus meinen Google-Kontakten)\" data-tooltip-position=\"top\">Czarnecka, Martin Szwed, Guido Hesselmann, Katarzyna Jednor\u00f3g and others we show that that the IPS hosts independent number codes in overlapping cortical circuits.<\/span><\/p>\n<p>Title: Overlapping but separate number representations in the intraparietal sulcus \u2013 probing format- and modality-independence in sighted Braille readers<\/p>\n<p>Authors: Czarnecka, M., R\u0105czy, K., Szewczyk, J., Papli\u0144ska, M., Jednor\u00f3g, K., Marchewka, A., Hesselmann, G., Szwed, M &amp; Knops, A.<\/p>\n<p>23.12.2022<\/p>\n<p>A paper has been accepted for publication in the Journal of Neural Transmission, together with my colleague Elise Klein. We are proposing a two-network framework for numerical cognition.<\/p>\n<p>Title: The two-network framework of number processing \u2013 a step towards a better understanding of the neural origins of developmental dyscalculia<\/p>\n<p>Authors:\u00a0 Klein, E. &amp; Knops, A.<\/p>\n<p>20.12.2022<\/p>\n<p>A paper has been accepted for publication in the Quarterly Journal of Experimental Psychology, together with my colleague Guido Hesselmann. In contexts void of any spatial references, Arabic digits do not elicit deflections of spatial attention.<\/p>\n<p>Title: No conclusive evidence for number-induced attentional shifts in a temporal order judgment task<\/p>\n<p>Authors: Hesselmann, G. &amp; Knops, A.<\/p>\n<p>05.10.2022<\/p>\n<p>Good news: a paper has been accepted for publication in Journal of Numerical Cognition. Congrats, Maria!<\/p>\n<p>Title: \u00a0Feedback-resistant spatial biases and sequential dependency effects in approximate arithmetic dissociate from lateralized target detection<\/p>\n<p>Authors: Glaser, M. &amp; Knops, A.<\/p>\n<p>30.09.2022<\/p>\n<p>NEW PROJECT: I am looking forward to working on a joint collaborative project with Silke Goebel, Tom Hartley (both in York) and Martin Fischer in Potsdam over the next three years. The project was funded within the Open Research Area program, involving the ANR, DFG and the ESRC.<\/p>\n<p>Project title: On the boundary conditions of conceptial spaces (Bounces)<\/p>\n<p><strong><span style=\"color: #800000;\">+++++ Post-Doctoral Funding ++++++<\/span><\/strong><\/p>\n<p><strong><span style=\"color: #800000;\">You are interested in the acquisition and the mental organization of concepts in memory? You have some experience in fMRI? Apply with me to work on this exciting project.<\/span><\/strong><\/p>\n<p>11.07.2022<\/p>\n<p>NEW PROJECT: The ANR will fund a project on the exploration of the cognitive manipulation of temporal intervals! Looking forward to working in this for the next 3 years!<\/p>\n<p>Project title: On the Cognitive principles underlying operational biases in the temporal domain (Coprobted)<\/p>\n<p>24.03.2022<\/p>\n<p>Good news: a paper has been accepted for publication in Journal of Numerical Cognition. Congrats, Daniele!<\/p>\n<p>Title: No Influence of Masked Priming on the Multiplication Fact Retrieval in a Result Verification Task<\/p>\n<p>Authors: Didino, D., Brandner, M. &amp; Knops, A.<\/p>\n<p>01.09.2021<\/p>\n<p>I have been elected as member of the <a title=\"website of the section\" href=\"https:\/\/sites.google.com\/view\/section-26-comite-national\/accueil\" target=\"_blank\" rel=\"noopener\">Section 26 (Brain, Cognition and Behavior) <\/a>of the National Committee for Scientific Research (Comit\u00e9 National de la Recherche Scientific, CoNRS), where I also serve as Scientific Secretary<\/p>\n<p>29.04.2021<\/p>\n<p>+++++ PhD SCHOLARSHIP ++++++<\/p>\n<p>Apply with me at the doctoral school for a fully funded PhD scholarship at Universit\u00e9 de Paris to work on Developmental Dyscalculia and its neurofunctional underpinnings! Get in touch for more information until May 20.<\/p>\n<p>07.04.2021<\/p>\n<p>Travelling in difficult conditions: I am happy to see Maria Glaser and Ilse Coolen on their ways around Europe! While Maria just came back from a very exciting research stay with Christine Schiltz in Luxemburg (supported by DAAD), Ilse Coolen will stay in T\u00fcbingen for the next six months (Teach in T\u00fcbingen) &#8211; working wiht H.-C. N\u00fcrk. Exciting times!<\/p>\n<p>10.03.2021<\/p>\n<p>I am running for the CNRS comit\u00e9 national for the upcoming five-year term. Vote for me if you can \ud83d\ude09<\/p>\n<p>18.01.2021<\/p>\n<p>Exciting tasks ahead: I am happy to announce that I will take over as the Editor-in-Chief for the <a href=\"https:\/\/jnc.psychopen.eu\/index.php\/jnc\" target=\"_blank\" rel=\"noopener\">Journal of Numerical Cognition<\/a>! Many thanks to the MCLS board for their unanimous vote that expresses their trust in my vision for the journal. I will take on this responsibility together with six outstanding Associate Editors: Sara Hart, Tali Leibovich Raveh,\u00a0 Andreas Obersteiner, Joonkoo Park, Geetha Ramani, &amp; Lieven Verschaffel!<\/p>\n<p>16.10.2020<\/p>\n<p>One of these days &#8211; where you receive two mails from Nature publishing group, announcing the publication of a paper! Congratulations to<\/p>\n<p>Kasia R\u0105czy and Ana Luisa Pinho, who are the two first authors! It was fun.<\/p>\n<p>Pinho, A.L., Amadon, A., Gauthier, B., Clairis, N., <strong>Knops, A.<\/strong> <i>et al.<\/i> (2020). Individual Brain Charting dataset extension, second release of high-resolution fMRI data for cognitive mapping. <em>Scientific Data <\/em><b><em>7<\/em>, <\/b>353<\/p>\n<p>R\u0105czy, K., Czarnecka, M., Papli\u0144ska, M., Hesselmann, G., <strong>Knops, A.<\/strong> &amp; Szwed, M. (2020). Tactile to visual number priming in the left Intraparietal Cortex of sighted Braille readers. <em>Scientific Reports, 10:<\/em>17571.<\/p>\n<p>01.09.2020<\/p>\n<p>Another great moment: Within the workbook series for elementary schools at Nathan, I published a training manual on number comprehension for 2nd graders. The workbook aims at helping them to catch up with what they have missed out on during Covid19-lockdown! The manual combines standard classroom exercises with theory-driven exercises that are grounded on major principles of cognitive psychology that have proven important for\u00a0understanding numbers: symbolic number knowledge, spatialization of numbers, focus on relevant information while suppressing irrelevant information, &#8230; Check it out<a title=\"Bien d\u00e9buter en CE1\" href=\"https:\/\/enseignants.nathan.fr\/catalogue\/bien-debuter-en-ce1-comprehension-des-nombres-fichier-a-photocopier-9782091242453.html#presentation\"> here<\/a> [disclaimer: it is in French \ud83d\ude09\u00a0 ]<\/p>\n<p><img loading=\"lazy\" decoding=\"async\" src=\"https:\/\/enseignants.nathan.fr\/sites\/default\/files\/styles\/ouvrage_fiche\/public\/ouvrage\/9782091242453.JPG?itok=NuQoNL6M\" alt=\"\" width=\"222\" height=\"315\" \/><\/p>\n<p>24.07.2020<\/p>\n<p>More good news: The fabulous Ilse Coolen, currently working as a post-doctoral research fellow at LaPsyD\u00c9 has been granted a Teach@T\u00fcbingen Fellowship to join <a title=\"Nuerk's lab page\" href=\"https:\/\/uni-tuebingen.de\/fakultaeten\/mathematisch-naturwissenschaftliche-fakultaet\/fachbereiche\/psychologie\/arbeitsbereiche\/diagnostik-und-kognitive-neuropsychologie\/arbeitsbereich\/mitarbeiter\/hans-christoph-nuerk\/\">Hans-Christoph N\u00fcrk&#8217;s lab<\/a> in T\u00fcbingen for the duration of 6 months. Congratulations Ilse! This will allow you to improve your German \ud83d\ude09<\/p>\n<p>21.06.2020<\/p>\n<p>Good news. The excellent Maria Glaser, currently working on her PhD thesis at the Experimental Psychology Unitt at Humboldt-Universit\u00e4t in Berlin, will join <a title=\"Schiltz's lab page\" href=\"https:\/\/wwwde.uni.lu\/forschung\/fhse\/cognitive_neuroscience_research_group\/cns_people\/christine_schiltz\">Christine Schiltz&#8217;s lab<\/a> at the university of Luxemburg for 3 months, funded by the DAAD. Congratulations Maria! Looking very much forward to see the planned experiments being realized.<\/p>\n<p>08.02.2020<\/p>\n<p>++++++++++++++++++++++++++++++++++++++++++++++++++++++++++++++++++++++++++++++++++++++++++++++++++++++++++++<\/p>\n<p>++++++++++++++++++++++++++++++++++++++++++++++++++++++++++++++++++++++++++++++++++++++++++++++++++++++++++++<\/p>\n<p>Great moment this week: I received some copies of my book!!<\/p>\n<p><a href=\"http:\/\/www.andreknops.com\/wordpress\/wp-content\/uploads\/2013\/06\/IMG_20200204_232743.jpg\"><img loading=\"lazy\" decoding=\"async\" class=\"alignleft wp-image-810 size-medium\" src=\"http:\/\/www.andreknops.com\/wordpress\/wp-content\/uploads\/2013\/06\/IMG_20200204_232743-225x300.jpg\" alt=\"Numerical Cognition - the basics\" width=\"225\" height=\"300\" srcset=\"http:\/\/www.andreknops.com\/wordpress\/wp-content\/uploads\/2013\/06\/IMG_20200204_232743-225x300.jpg 225w, http:\/\/www.andreknops.com\/wordpress\/wp-content\/uploads\/2013\/06\/IMG_20200204_232743-768x1024.jpg 768w\" sizes=\"auto, (max-width: 225px) 100vw, 225px\" \/><\/a><\/p>\n<p><em>Numerical Cognition: The Basics<\/em> provides an understanding of the neural and cognitive mechanisms<\/p>\n<p>that enable us to perceive, process, and memorize numerical information. Starting from basic numerica<\/p>\n<p>l competencies that humans share with other species, the book explores the mental coding of numbers<\/p>\n<p>and their neural representation. It explains the strategies of mental calculation, their pitfalls and their<\/p>\n<p>development, as well as the developmental steps children make while learning about numbers.<\/p>\n<p>The book gradually builds our understanding of the underlying mental processes of numeracy and<\/p>\n<p>concludes with an insightful examination of the diagnosis, etiology and treatment of dyscalculia.<\/p>\n<p>Written in an accessible manner, the book summarizes and critically evaluates the major psychological<\/p>\n<p>explanations for various empirical phenomena in numerical cognition. Containing a wealth of student-friendly<\/p>\n<p>features including end of chapter summaries, informative figures, further reading lists, and links to relevant websites,<\/p>\n<p>Numerical Cognition: The Basics is an essential starting point for anybody new to the field.<\/p>\n<div>Check it out here: <a href=\"https:\/\/www.routledge.com\/Numerical-Cognition\/Knops\/p\/book\/9780815357230#\" target=\"_blank\" rel=\"noopener\">link_to_Routledge<\/a><\/div>\n<div>++++++++++++++++++++++++++++++++++++++++++++++++++++++++++++++++++++++++++++++++++++++++++++++++++++++++++++++++++++++++++++++++++++++++++++++++++++++++++++++++++++++++++++++++++++++++++++++++++++++++++++++++++++++++<\/div>\n<p>05.12.2019<\/p>\n<p>Good news: a paper has been accepted for publication in Quarterly Journal of Experimental Psychology. The first paper of my excellent PhD student Maria Glaser. Congrats, Maria.<\/p>\n<p>Title: When adding is right &#8211; temporal order judgments reveal spatial attention shifts during two-digit mental arithmetic<\/p>\n<p>Authors: Glaser, M. &amp; Knops, A.<\/p>\n<p>15.11.2019<\/p>\n<p>A paper with my wonderful colleagues from Krakow (Poland), Hamburg and Berlin has been accepted for publication in Acta Psychologica. More to come&#8230;<\/p>\n<p>Title: A shared code for Braille and Arabic digits revealed by cross-modal priming in sighted Braille readers<\/p>\n<p>Authors: R\u0105czy, K., Czarnecka, M., Zaremba, D., Papli\u0144ska, M., Hesselmann, G., Knops, A. &amp; Szwed, M.<\/p>\n<p>01.10.2019<\/p>\n<p>A very warm welcome for Sixtine Omont who started as a PhD candidate on a project on the impact of domain-general factors on the acquisition of numerical competencies. I think we have a great team here!<\/p>\n<p>30.09.2019<\/p>\n<p>back from a very interesting and inspiring ESCoP in Tenerife! See you all in Lille in two years time.<\/p>\n<p>27.09.2019<\/p>\n<p>My book review on the &#8218;Introduction to Mathematical Cognition&#8216; (Gilmore, G\u00f6bel &amp; Inglis) will appear soon in QJEP. In a nutshell: Go read the book if you want to learn about the cognitive processes underlying mathematical cognition. The book covers basic numerical processes but also sheds light on how we conceptualize mathematical proofs, reasoning and algebra.<\/p>\n<p>09.04.2019<\/p>\n<p>A paper has been accepted for publication in Acta Psychologica:<\/p>\n<p>The influence of semantic processing and response latency on the SNARC effect<\/p>\n<p>Authors: Didino, D., Breil, C. &amp; Knops, A.<\/p>\n<p>Very excited to see my first SNARC paper published \ud83d\ude09 Nice piece of work, guys!<\/p>\n<p>01.04.2019<\/p>\n<p>Very happy to welcome Ilse Coolen as a post-doctoral researcher in the lab. WELCOME! Looking forward to working on this longitudinal study on the development of mental arithmetic.<\/p>\n<p>16.01.2019<\/p>\n<p>Check this out: we <a title=\"response to comment\" href=\"https:\/\/www.frontiersin.org\/articles\/10.3389\/fpsyg.2019.00160\/full\" target=\"_blank\" rel=\"noopener\">responded<\/a> to Fischer, <i>Miklashevsky, and Shaki (<a title=\"commentary by Fischer et al.\" href=\"https:\/\/www.frontiersin.org\/articles\/10.3389\/fpsyg.2018.02259\/full\" target=\"_blank\" rel=\"noopener\">here<\/a>) who commented on our earlier manuscript about the developmental trajectory of the Operational Momentum effect (<a title=\"the developmental trajectory of the operational momentum effect\" href=\"https:\/\/www.frontiersin.org\/articles\/10.3389\/fpsyg.2018.01062\/full\" target=\"_blank\" rel=\"noopener\">here<\/a>). <\/i><\/p>\n<p>Very same day: happy to announce that there will be a symposium on numerosity perception at the ESCoP 2019 with an exciting group of speakers (in alphabetic order):<\/p>\n<p>&#8211; Giovanni Anobile<\/p>\n<p>&#8211; Roberto Arrighi<\/p>\n<p>&#8211; Eilsa Castaldi<\/p>\n<p>&#8211; Serge Dumoulin<\/p>\n<p>&#8211; Evelyn Eger<\/p>\n<p>&#8211; Michele Fornaciai<\/p>\n<p>&#8211; Marcin Szwed<\/p>\n<p>20.12.2018<\/p>\n<p>Good news: Andr\u00e9 joins the <a title=\"new editorial board\" href=\"https:\/\/jnc.psychopen.eu\/announcement\/view\/16\" target=\"_blank\" rel=\"noopener\">editorial board<\/a> of the Journal of Numerical Cognition. Looking forward to that!<\/p>\n<p>29.11.2018<\/p>\n<p>Happy to welcome Marcin Szwed, Kasia R\u0105czy, and Maria Czarnecka at LaPsyD\u00c9 to talk about data from our joint project.<\/p>\n<p>15.10.2018<\/p>\n<p>Andr\u00e9 presents his work at J\u00earome Prado&#8217;s lab in Lyon.<\/p>\n<p>06.10.2018<\/p>\n<p>Happy and proud to join the original BANG (Brain And Number Group) in Aachen, honouring Klaus Willmes who becomes Klaus Willmes &#8218;emeritus&#8216; \ud83d\ude42<\/p>\n<p>17.07.2018<\/p>\n<p>What a day &#8211; a project has been accepted for funding by the ANR!<\/p>\n<p>Title: How Domain-general Functions Contribute to the Development of Numerical Competencies<\/p>\n<p>duration: 4 years.<\/p>\n<p>17.07.2018<\/p>\n<p>A paper has been published in Frontiers in Psychology:<\/p>\n<p>The developmental trajectory of the operational momentum effect<\/p>\n<p>authors: Pedro Pinheiro-Chagas, <span class=\"il\">Daniele<\/span> Didino, Vitor Geraldi Haase, Guilherme Wood, Andr\u00e9 Knops<\/p>\n<p>16.06.2018<\/p>\n<p>A paper has been accepted for publication in Cerebral Cortex:<\/p>\n<p>Evidence for a posterior parietal cortex contribution to spatial but not temporal numerosity perception.<\/p>\n<p>Authors: Cavdaroglu, S. &amp; Knops, A.<\/p>\n<p>Very excited to see this published. Nice piece of work, Seda!<\/p>\n<p>11.06.2018<\/p>\n<p>Things have changed. A lot! The great news: I am back to Paris as a CNRS researcher in the Laboratory for the Psychology of Child Development and Education (<a title=\"lab site\" href=\"https:\/\/www.lapsyde.com\" target=\"_blank\" rel=\"noopener\">LaPsyD\u00c9<\/a>)!<\/p>\n<p>22.12.2017<\/p>\n<p>We proudly announce the publication of our special issue on the influence of<a title=\"Special Issue in JNC\" href=\"https:\/\/jnc.psychopen.eu\/issue\/view\/6\" target=\"_blank\" rel=\"noopener\"> domain-general factors influencing numerical and arithmetic processing<\/a>.in the Journal of Numerical Cognition! This special issue comprises a series of very interesting articles addressing this topic from various angles. Thanks to everybody who contributed to this endeavour. Definitely worth a look.<\/p>\n<p>17.11.2017<\/p>\n<p>A paper has been accepted for publication in the Journal of Numerical Cognition.<\/p>\n<p>Title: A role for attentional reorienting during approximate multiplication and division<\/p>\n<p>Authors: Katz, C., Hoesterey, H. &amp; Knops,\u00a0 A.<\/p>\n<p>16.10.2017<\/p>\n<p>A book chapter on &#8222;Neuroimaging&#8220; has been accepted for publication. To appear in the &#8222;<span style=\"color: #000000;\">Encyclopedia of Personality and Individual Differences&#8220;.<\/span><\/p>\n<p>03.10.2017<\/p>\n<p>So excited. I just signed a contract with Routledge for a book on &#8222;Numerical Cognition&#8220;. To appear in spring 2019. Stay tuned&#8230;<\/p>\n<p>01.07.2017<\/p>\n<p>A book chapter has been accepted for publication in a forthcoming book edited by Avishai Henik and Wim Fias. The chapter is entitled &#8222;Neurocognitive Evidence for Spatial Contributions to Numerical Cognition&#8220;. To appear in &#8222;Heterogeneous Contributions to Numerical Cognition&#8220;, Elsevier.<\/p>\n<p>13.06.2017<\/p>\n<p>Wow &#8211; time flies. Second term as a stand-in professor and teaching still takes up a lot of time&#8230; Yet &#8211; at this very moment I can proudly link to the website of the Humboldt-Universit\u00e4t which features a nice little interview with me about my work (in German). You find it at <a href=\"https:\/\/www.hu-berlin.de\/de\">https:\/\/www.hu-berlin.de\/de<\/a> or more directly under <a href=\"https:\/\/www.hu-berlin.de\/de\/pr\/nachrichten\/pm1705\/nr_170505_00\">https:\/\/www.hu-berlin.de\/de\/pr\/nachrichten\/pm1705\/nr_170505_00 <\/a><\/p>\n<p>21.09.2016<\/p>\n<p>Starting October 1, Andr\u00e9 will be the stand-in professor for Experimental Psychology (&#8218;Allgemeine Psychologie&#8216;) at the Humboldt-Universit\u00e4t Berlin. I am very happy and all excited about this great opportunity!<\/p>\n<p>20.09.2016<\/p>\n<p>Off for DGPs meeting in Leipzig.<\/p>\n<p>13.06.2016<br \/>A paper has been accepted for publication in Journal of Neurophysiology!<br \/>Title: Decreased cerebellar-cerebral connectivity contributes to complex task performance<br \/>Authors: Katz, C. &amp; Knops, A.<\/p>\n<p>01.06.2016<br \/>Daniele Didino has joined the lab as post-doctoral research fellow. Welcome Daniele!<\/p>\n<p>30.05.2016<br \/>Looking forward to presenting our work at workshop on &#8222;Heterogeneous Contributions to Numerical Cognition&#8220; (June 1 to June 3) in Gent. It has been organized by Wim Fias and Avishai Henik and the speakers include:<\/p>\n<p>Marc Brysbaert<br \/>J\u00e9r\u00f4me Prado<br \/>Bert De Smedt<br \/>Wim Notebaert<br \/>Faia Screif<br \/>Partick Lemaire<br \/>Nore Newcombe<br \/>Stella Lourenco<br \/>Andr\u00e9 Knops<br \/>Liat Goldfarb<br \/>Camilla Gilmore<br \/>Vinod Menon<br \/>Pierre Barouillet<br \/>Marie-Pascal Noel<br \/>Steve Majerus<\/p>\n<p>18.05.2016<\/p>\n<p>My new <a title=\"Probing the Neural Correlates of Number Processing\" href=\"http:\/\/nro.sagepub.com\/content\/early\/2016\/05\/08\/1073858416650153.abstract\" target=\"_blank\" rel=\"noopener\">review on neural correlates of number processing<\/a> just appeared in The Neuroscientist.<\/p>\n<p>25.04.2016<\/p>\n<p>A review article was accepted for publication in <em>The Neuroscientist<\/em>.<\/p>\n<p>Title: Probing the neural correlates of number processing.<\/p>\n<p>Author: Andr\u00e9 Knops<\/p>\n<p>21.03.2016<\/p>\n<p>Andr\u00e9 is off to present at TeaP in Heidelberg.<\/p>\n<p>22.02.2016<\/p>\n<p>Andr\u00e9 is presenting the lab&#8217;s work at the &#8222;Laboratoire de Psychologie de la Perception (LPP)&#8220; at Paris Descartes.<\/p>\n<p>19.02.2016<\/p>\n<p>Andr\u00e9 has the pleasure to head the PhD defense of Karin Ludwig on &#8222;Dorsal and ventral stream contributions to visual awareness&#8220;.<\/p>\n<p>18.02.2016<\/p>\n<p>Seda has successfully defender her PhD thesis with distinction. CONGRATULATIONS Seda!<\/p>\n<p>17.02.2016<\/p>\n<p>Tomorrow (18.05.2016) Seda will defend her PhD thesis.<\/p>\n<p>29.01.2016<\/p>\n<p>Seda has won a poster prize at the 34th European Meeting on Cognitive Neuropsychology in Bressanone.<\/p>\n<p>23.01.2016<\/p>\n<p>Andr\u00e9 is presenting at the 34th European Meeting on Cognitive Neuropsychology in Bressanone.<\/p>\n<p>17.12.2015<br \/>We have learned that the the DFG continues to fund our Emmy Noether group for the full 5-year period until May 2017.<\/p>\n<p>19.11.2015<br \/>Seda has submitted her PhD thesis entitled &#8222;Functional Specialiazation in the Brain: the Case of Numbers&#8220; .<br \/>C O N G R A T U L A T I O N S !!<\/p>\n<p>04.11.2015<\/p>\n<p>Andr\u00e9 is presenting our work at the University of Freiburg.<\/p>\n<p>20.10.2015<\/p>\n<p>Andr\u00e9 will host a symposium on &#8222;Numerical Cognition&#8220; at the<a href=\"http:\/\/www.unitt.de\/?context=543&amp;&amp;card=heises.6955ff9afb13b8870f7ef2307a85cabc\" target=\"_blank\" rel=\"noopener\"> TeaP 2017<\/a> in Heidelberg.<\/p>\n<p>01.10.2015<\/p>\n<p>Maron Mantwill has joined out team as student assistant. Welcome, Maron.<\/p>\n<p>21.07.2015<\/p>\n<p>Curren Katz successfully defended her PhD thesis! C O N G R A T U L A T I O N S !!<\/p>\n<p>20.07.2015<\/p>\n<p>Curren will defend her PhD thesis tomorrow, July 21st, 13:00 (room 3&#8217;208).<\/p>\n<p>15.07.2015<\/p>\n<p>Andr\u00e9 is attending the Emmy Noether-Meeting at Potsdam (until 17.07.2015).<\/p>\n<p>03.07.2015<\/p>\n<p>Seda is off to present her work at the International Brain Research Organization (IBRO) <a href=\"http:\/\/ibro.info\/news\/1266-2\/\">meeting<\/a> in Rio.<\/p>\n<p>06.06.2015<\/p>\n<p>Andr\u00e9, Seda and Hannes are off to the Psychologie &amp; Gehrin conference in Frankfurt, where we will have the satellite symposium on dorsal contribution to perception tomorrow. Come and join us &#8211; it&#8217;s free.<\/p>\n<p>14.05.2015<\/p>\n<p>Curren has submitted her PhD thesis. Congratulations!<\/p>\n<p>12.05.2015<\/p>\n<p>Andr\u00e9 is presenting our recent work at the Colloquium of the Department of Psychology in T\u00fcbingen.<\/p>\n<p>08.04.2015<\/p>\n<p>An article was accepted for publication in <em>Neuroimage<\/em>.<\/p>\n<p>Title: Dissociating estimation from comparison and response eliminates parietal involvement in sequential numerosity perception<\/p>\n<p>Authors: Cavdaroglu, S., Katz, C. &amp; Knops, A.<\/p>\n<p>01.04.2015<\/p>\n<p>An article was accepted for publication in <em>Cognition<\/em>.<\/p>\n<p>Title: Asymmetric activation spreading in the multiplication associative network due to asymmetric overlap between numerosities semantic representations?<\/p>\n<p>Authors: Didino D, Knops A., Vespignani F, &amp; Kornpetpanee S<\/p>\n<p>26.03.2015<\/p>\n<p>Seda has won a travel grant to present her work at the International Brain Research Organization (IBRO) <a href=\"http:\/\/ibro.info\/news\/1266-2\/\">meeting<\/a> in Rio, taking place from July 7 -11 2015.<\/p>\n<p>19.03.2015<\/p>\n<p>A paper has been accepted for publication in <em>Psychological Research<\/em> (pending minor revisions).<\/p>\n<p>Title: Mental subtraction and multiplication recruit both phonological and visuospatial resources: evidence from a symmetric dual-task design<\/p>\n<p>Authors: Cavdaroglu, S &amp; Knops, A.<\/p>\n<p>Congratulations for your first publication, Seda!<\/p>\n<p>09.03.2015<\/p>\n<p>Andr\u00e9, Seda and Curren are attending the TeaP 2015 in Hildesheim where Seda and Curren present their work in the numerical cognition symposia that are chaired and organized by Andr\u00e9 (<a href=\"http:\/\/www.teap.de\/index.php\/teap\/hildesheim\">see program here<\/a>).<\/p>\n<p>06.03.2015<\/p>\n<p>Seda has won a travel grant to present her work at the<a href=\"https:\/\/sites.google.com\/site\/encods2\/home\"> European Neuroscience Conference <\/a>(ENCODS) taking place April 23 &#8211; 26 2015 in Sesimbra (Portugal).<\/p>\n<p>13.02.2015<\/p>\n<p>The faculty for Life Sciences at the Humboldt-Universit\u00e4t Berlin has granted Andr\u00e9 Knops with the Right to Teach (venia legendi).<\/p>\n<p>24.01.2015<\/p>\n<p>Andr\u00e9 is attending the 33rd European Workshop on Cognitive Neuropsychology in Bressanone\/Brixen (Italy) where he presents the recently published work on non-conscious perception of numerical information.<\/p>\n<p>&#8222;Exploring the boundary conditions of unconscious numerical priming effects with continuous flash suppression&#8220;<\/p>\n<p>07.01.2015<\/p>\n<p>JE SUIS CHARLIE.<\/p>\n<p>31.12.2014<\/p>\n<p>Andr\u00e9 will give a presentation on the &#8222;psychology of erroneous information processing&#8220; as part of his habilitation (2nd PhD) which should provide him with the <em>venia legendi<\/em> in psychology. The talk will take place on January 5, 2015 (17:00; room 3&#8217;208; Department of Psychology). Everybody is welcome.<\/p>\n<p>01.12.2014<\/p>\n<p>The DFG has granted Andr\u00e9 Knops and Guido Hesselmann with the funding for a Symposium entitled: &#8222;<strong>Between embodiment and neuronal recycling &#8211; Contribution of the dorsal stream to visual perception<\/strong>&#8222;. It will take place in Frankfurt\/Main (Germany) June 7 &amp; 8, 2015, right after the <a href=\"http:\/\/www.psychologie-und-gehirn.de\">Psychology &amp; Brain<\/a> meeting. Everybody is welcome.<strong> No fees<\/strong> for participation in the Symposium.<\/p>\n<p><strong>++ Confirmed speakers <\/strong>(alphabetic order)<strong>: ++<\/strong><\/p>\n<p><strong>Jorge Almeida<\/strong> (Coimbra, Portugal)<\/p>\n<p><strong>Michael Andres<\/strong> (Gent, Belgium)<\/p>\n<p><strong>Svenja Caspers<\/strong> (FZ J\u00fclich, Germany)<\/p>\n<p><strong>Evelyn Eger<\/strong> (Neurospin, Saclay, France)<\/p>\n<p><strong>Markus Kiefer<\/strong> (Ulm, Germany)<\/p>\n<p><strong>Manuela Piazza<\/strong> (CiMEC, Trento, Italy)<\/p>\n<p><strong>Thomas Schenk<\/strong> (Erlangen, Germany)<\/p>\n<p><strong>Ralp Weidner<\/strong> (FZ J\u00fclich, Germany)<\/p>\n<p>21.11.2014<\/p>\n<p>&#8211; An article was accepted for publication in<em> Brain Structure and Function<\/em>.<\/p>\n<p>Title: Considering structural connectivity in the triple code model of numerical cognition &#8211; Differential connectivity for magnitude processing and arithmetic facts<\/p>\n<p>Authors: Klein, E., Suchan, J., Moeller, K., Karnath, H.-O., Knops, A., Wood, G., Nuerk, H.-C., &amp; Willmes, K.<\/p>\n<p>17.11.2014<\/p>\n<p>&#8211; FREE DOWNLOAD of Hesselmann, Darcy, Sterzer &amp; Knops (2014).<\/p>\n<p>Be quick and download our manuscript entitled &#8222;<a href=\"http:\/\/authors.elsevier.com\/a\/1Q1od3lcz3YvjT\" target=\"_blank\" rel=\"noopener\">Exploring the boundary conditions of unconscious numerical priming effects with continuous flash suppression<\/a>&#8220; <strong>FOR FREE UNTIL JANUARY 4, 2015<\/strong> from the journal&#8217;s website!<\/p>\n<p>13.11.2014<\/p>\n<p>&#8211; Curren &amp; Seda attend SfN annual meeting in Washington DC. On Tuesday they will present their work within the poster session &#8222;<a href=\"http:\/\/www.abstractsonline.com\/Plan\/ViewSession.aspx?sKey=f898788d-cbff-4035-8af0-751874d1c8f0&amp;mKey={54C85D94-6D69-4B09-AFAA-502C0E680CA7}\">#624.Visual Cognition: Decision-Making<\/a>&#8222;.<\/p>\n<p>11.11.2014<\/p>\n<p>&#8211; Together with Martin Fischer I published a <a href=\"http:\/\/journal.frontiersin.org\/Journal\/122398\/full\">commentary<\/a> on the recent article of Zanolie &amp; Pecher (2014) in <em>Frontiers in Psychology &#8211; Cognition<\/em>.<\/p>\n<p>Title: Attentional Cueing in Numerical Cognition &#8211; A commentary on Zanolie &amp; Pecher (2014).<\/p>\n<p>22.10.2014<\/p>\n<p>&#8211; An article has been accepted for publication in<em> Consciousness and Cognition<\/em>.<\/p>\n<p>Title: Exploring the boundary conditions of unconscious numerical priming effects with continuous flash suppression.<\/p>\n<p>Authors: Hesselmann G, Darcy N., Sterzer P, Knops A<\/p>\n<p>03.10.2014 &#8211; 04.10.2014<\/p>\n<p>&#8211; Andr\u00e9 is attending the &#8222;Workshop on Educational Neuroscience of Mathematics&#8220; in T\u00fcbingen.<\/p>\n<p>24.09.2014<\/p>\n<p>&#8211; An article has been accepted for publication in<em> PLoS ONE<\/em>.<\/p>\n<p>Title: In how many ways is the approximate number system associated with exact<br \/>calculation?<\/p>\n<p>Authors: Pinheiro-Chargas, P., Wood, G., Knops, A., Krinzinger, H., Lonnemann, J., Startling-Alves, I., Willmes, K., &amp; Haase, V.<\/p>\n<p>22.09.2014<\/p>\n<p>&#8211; Andr\u00e9 is off for the DGPs conference in Bochum.<\/p>\n<p>02.08.2014<\/p>\n<p>&#8211; An article was accepted for publication in <em>Psychological Science<\/em>.<\/p>\n<p>Title: The scope and limits of numerical priming under interocular suppression.<\/p>\n<p>Authors: Hesselmann, G. &amp; Knops, A.<\/p>\n<p>21.07.2014<\/p>\n<p>&#8211; An article was accepted for publication in <em>PLoS One<\/em>:<\/p>\n<p>Title: Operational momentum in approximate multiplication and division? <em>PLoS One<\/em><\/p>\n<p>Authors: Katz, C. &amp; Knops, A.<\/p>\n<p><em>18.07.2014<\/em><\/p>\n<p>Andr\u00e9 Knops is off for the yearly Emmy Noether meeting in Potsdam (18.07. &#8211; 20.07.2014)<em>.<br \/><\/em><\/p>\n<p>07.06.2014<\/p>\n<p>&#8211; Seda Cavdaroglu received the &#8218;Best Poster Award&#8216; in the &#8222;<a href=\"http:\/\/www.cbs.mpg.de\/events\/workshops\/1st-t-g-sym-14\">1st Joint Turkish-German Symposium on Human Neuroscience<\/a>&#8220; which took place in Berlin (June 5th &#8211; 6th).<\/p>\n<p>06.06.2014<\/p>\n<p>&#8211; Andr\u00e9 Knops is off to <a href=\"http:\/\/www.humanbrainmapping.org\/i4a\/pages\/index.cfm?pageID=3565\" target=\"_blank\" rel=\"noopener\">OHBM in Hamburg<\/a>, presenting poster on &#8222;A shared, flexible neural map architecture reflects capacity limits in both visual short term memory and enumeration.&#8220;<\/p>\n<p>&#8211; Seda Cavdaroglu is participating in the &#8222;<a href=\"http:\/\/www.cbs.mpg.de\/events\/workshops\/1st-t-g-sym-14\">1st Joint Turkish-German Symposium on Human Neuroscience<\/a>&#8220; taking place in Berlin (June 5th &#8211; 6th). She presents a poster entitled &#8222;Does IPS really represent abstract number sense?&#8220;<\/p>\n<p>&#8211; poster accepted for presentation at the <a href=\"http:\/\/www.dgpskongress.de\/frontend\/index.php\" target=\"_blank\" rel=\"noopener\">DGPs meeting in Bochum<\/a>.<\/p>\n<p>23.05.2014<\/p>\n<p>&#8211; An article was accepted for publication in <em>The Journal of Neuroscience<\/em>!<\/p>\n<p>Title: A shared, flexible neural map architecture reflects capacity limits in both visual short term memory and enumeration.<\/p>\n<p>Authors: A. Knops, M. Piazza, R. Sengupta, E. Eger &amp; D. Melcher<\/p>\n<p>19.05.2014<\/p>\n<p>&#8211;<strong> Nadja Tschentscher<\/strong> from Cambridge will present on Wednesday, 21.05.2014 (9:15, room 3&#8217;208, Department of Psychology; Rudower Chaussee 18, 12489 Berlin) on &#8222;<strong>How are things adding up: the neural dynamics of arithmetic problem solving as revealed by fMRI and EEG<\/strong>&#8222;.<\/p>\n<p>22.04.2014<\/p>\n<p>&#8211; Dany Hoenack will present her first results on multisensory integration of numerical information on Wednesday, 23rd of April, 9:15 in the Colloquium.<\/p>\n<p>17.04.2014<\/p>\n<p>&#8211; semester starts with a new seminar on &#8222;(non)conscious perception from a neurocognitive perspective&#8220;.<\/p>\n<p>14.03.2014<\/p>\n<p>&#8211; Article published in QJEP:\u00a0<a title=\"download article from Taylor &amp; Francis\" href=\"http:\/\/www.tandfonline.com\/eprint\/bY9i6gHfjfxGxzqYd3zX\/full\" target=\"_blank\" rel=\"noopener\"> Can approximate mental calculation account for operational momentum in addition and subtraction? <\/a><\/p>\n<p>authors: Knops A, Dehaene S, Berteletti I &amp; Zorzi M<\/p>\n<p>05.03.2014<\/p>\n<p>&#8211; A poster has been accepted for presentation at this year&#8217;s meeting of the <a title=\"OHBM Hamburg\" href=\"http:\/\/www.humanbrainmapping.org\/i4a\/pages\/index.cfm?pageID=3565\" target=\"_blank\" rel=\"noopener\">Organization for Human Brain Mapping<\/a> in Hamburg.<br \/>Title: &#8222;A shared neural map architecture underlies capacity limits in both working memory and enumeration&#8220;<br \/>Authors: Knops A, Piazza M, Sengupta R, Eger E, &amp; Melcher D<\/p>\n<p>04.02.2014<\/p>\n<p>&#8211; We are happy to announce the upcoming presentation of <strong>Manuela Piazza<\/strong> at the Department of Psychology on Wednesday February 12th 2014 (17:00; room 3.209). Title and abstract are given below: <!-- [if gte mso 9]><xml> <o:OfficeDocumentSettings> <o:AllowPNG \/> <\/o:OfficeDocumentSettings> <\/xml><![endif]--><\/p>\n<p><!-- [if gte mso 9]><xml> <w:WordDocument> <w:View>Normal<\/w:View> <w:Zoom>0<\/w:Zoom> <w:TrackMoves \/> <w:TrackFormatting \/> <w:HyphenationZone>21<\/w:HyphenationZone> <w:PunctuationKerning \/> <w:ValidateAgainstSchemas \/> <w:SaveIfXMLInvalid>false<\/w:SaveIfXMLInvalid> <w:IgnoreMixedContent>false<\/w:IgnoreMixedContent> <w:AlwaysShowPlaceholderText>false<\/w:AlwaysShowPlaceholderText> <w:DoNotPromoteQF \/> <w:LidThemeOther>DE<\/w:LidThemeOther> <w:LidThemeAsian>X-NONE<\/w:LidThemeAsian> <w:LidThemeComplexScript>X-NONE<\/w:LidThemeComplexScript> <w:Compatibility> <w:BreakWrappedTables \/> <w:SnapToGridInCell \/> <w:WrapTextWithPunct \/> <w:UseAsianBreakRules \/> <w:DontGrowAutofit \/> <w:SplitPgBreakAndParaMark \/> <w:EnableOpenTypeKerning \/> <w:DontFlipMirrorIndents \/> <w:OverrideTableStyleHps \/> <\/w:Compatibility> <m:mathPr> <m:mathFont m:val=\"Cambria Math\" \/> <m:brkBin m:val=\"before\" \/> <m:brkBinSub m:val=\"&#45;-\" \/> <m:smallFrac m:val=\"off\" \/> <m:dispDef \/> <m:lMargin m:val=\"0\" \/> <m:rMargin m:val=\"0\" \/> <m:defJc m:val=\"centerGroup\" \/> <m:wrapIndent m:val=\"1440\" \/> <m:intLim m:val=\"subSup\" \/> <m:naryLim m:val=\"undOvr\" \/> <\/m:mathPr><\/w:WordDocument> <\/xml><![endif]--><!-- [if gte mso 9]><xml> <w:LatentStyles DefLockedState=\"false\" DefUnhideWhenUsed=\"true\"   DefSemiHidden=\"true\" DefQFormat=\"false\" DefPriority=\"99\"   LatentStyleCount=\"267\"> <w:LsdException Locked=\"false\" Priority=\"0\" SemiHidden=\"false\"    UnhideWhenUsed=\"false\" QFormat=\"true\" Name=\"Normal\" \/> <w:LsdException Locked=\"false\" Priority=\"9\" SemiHidden=\"false\"    UnhideWhenUsed=\"false\" QFormat=\"true\" Name=\"heading 1\" \/> <w:LsdException Locked=\"false\" Priority=\"9\" QFormat=\"true\" Name=\"heading 2\" \/> <w:LsdException Locked=\"false\" Priority=\"9\" QFormat=\"true\" Name=\"heading 3\" \/> <w:LsdException Locked=\"false\" Priority=\"9\" QFormat=\"true\" Name=\"heading 4\" \/> <w:LsdException Locked=\"false\" Priority=\"9\" QFormat=\"true\" Name=\"heading 5\" \/> <w:LsdException Locked=\"false\" Priority=\"9\" QFormat=\"true\" Name=\"heading 6\" \/> <w:LsdException Locked=\"false\" Priority=\"9\" QFormat=\"true\" Name=\"heading 7\" \/> <w:LsdException Locked=\"false\" Priority=\"9\" QFormat=\"true\" Name=\"heading 8\" \/> <w:LsdException Locked=\"false\" Priority=\"9\" QFormat=\"true\" Name=\"heading 9\" \/> <w:LsdException Locked=\"false\" Priority=\"39\" Name=\"toc 1\" \/> <w:LsdException Locked=\"false\" Priority=\"39\" Name=\"toc 2\" \/> <w:LsdException Locked=\"false\" Priority=\"39\" Name=\"toc 3\" \/> <w:LsdException Locked=\"false\" Priority=\"39\" Name=\"toc 4\" \/> <w:LsdException Locked=\"false\" Priority=\"39\" Name=\"toc 5\" \/> <w:LsdException Locked=\"false\" Priority=\"39\" Name=\"toc 6\" \/> <w:LsdException Locked=\"false\" Priority=\"39\" Name=\"toc 7\" \/> <w:LsdException Locked=\"false\" Priority=\"39\" Name=\"toc 8\" \/> <w:LsdException Locked=\"false\" Priority=\"39\" Name=\"toc 9\" \/> <w:LsdException Locked=\"false\" Priority=\"35\" QFormat=\"true\" Name=\"caption\" \/> <w:LsdException Locked=\"false\" Priority=\"10\" SemiHidden=\"false\"    UnhideWhenUsed=\"false\" QFormat=\"true\" Name=\"Title\" \/> <w:LsdException Locked=\"false\" Priority=\"1\" Name=\"Default Paragraph Font\" \/> <w:LsdException Locked=\"false\" Priority=\"11\" SemiHidden=\"false\"    UnhideWhenUsed=\"false\" QFormat=\"true\" Name=\"Subtitle\" \/> <w:LsdException Locked=\"false\" Priority=\"22\" SemiHidden=\"false\"    UnhideWhenUsed=\"false\" QFormat=\"true\" Name=\"Strong\" \/> <w:LsdException Locked=\"false\" Priority=\"20\" SemiHidden=\"false\"    UnhideWhenUsed=\"false\" QFormat=\"true\" Name=\"Emphasis\" \/> <w:LsdException Locked=\"false\" Priority=\"59\" SemiHidden=\"false\"    UnhideWhenUsed=\"false\" Name=\"Table Grid\" \/> <w:LsdException Locked=\"false\" UnhideWhenUsed=\"false\" Name=\"Placeholder Text\" \/> <w:LsdException Locked=\"false\" Priority=\"1\" SemiHidden=\"false\"    UnhideWhenUsed=\"false\" QFormat=\"true\" Name=\"No Spacing\" \/> <w:LsdException Locked=\"false\" Priority=\"60\" SemiHidden=\"false\"    UnhideWhenUsed=\"false\" Name=\"Light Shading\" \/> <w:LsdException Locked=\"false\" Priority=\"61\" SemiHidden=\"false\"    UnhideWhenUsed=\"false\" Name=\"Light List\" \/> <w:LsdException Locked=\"false\" Priority=\"62\" SemiHidden=\"false\"    UnhideWhenUsed=\"false\" Name=\"Light Grid\" \/> <w:LsdException Locked=\"false\" Priority=\"63\" SemiHidden=\"false\"    UnhideWhenUsed=\"false\" Name=\"Medium Shading 1\" \/> <w:LsdException Locked=\"false\" Priority=\"64\" SemiHidden=\"false\"    UnhideWhenUsed=\"false\" Name=\"Medium Shading 2\" \/> <w:LsdException Locked=\"false\" Priority=\"65\" SemiHidden=\"false\"    UnhideWhenUsed=\"false\" Name=\"Medium List 1\" \/> <w:LsdException Locked=\"false\" Priority=\"66\" SemiHidden=\"false\"    UnhideWhenUsed=\"false\" Name=\"Medium List 2\" \/> <w:LsdException Locked=\"false\" Priority=\"67\" SemiHidden=\"false\"    UnhideWhenUsed=\"false\" Name=\"Medium Grid 1\" \/> <w:LsdException Locked=\"false\" Priority=\"68\" SemiHidden=\"false\"    UnhideWhenUsed=\"false\" Name=\"Medium Grid 2\" \/> <w:LsdException Locked=\"false\" Priority=\"69\" SemiHidden=\"false\"    UnhideWhenUsed=\"false\" Name=\"Medium Grid 3\" \/> <w:LsdException Locked=\"false\" Priority=\"70\" SemiHidden=\"false\"    UnhideWhenUsed=\"false\" Name=\"Dark List\" \/> <w:LsdException Locked=\"false\" Priority=\"71\" SemiHidden=\"false\"    UnhideWhenUsed=\"false\" Name=\"Colorful Shading\" \/> <w:LsdException Locked=\"false\" Priority=\"72\" SemiHidden=\"false\"    UnhideWhenUsed=\"false\" Name=\"Colorful List\" \/> <w:LsdException Locked=\"false\" Priority=\"73\" SemiHidden=\"false\"    UnhideWhenUsed=\"false\" Name=\"Colorful Grid\" \/> <w:LsdException Locked=\"false\" Priority=\"60\" SemiHidden=\"false\"    UnhideWhenUsed=\"false\" Name=\"Light Shading Accent 1\" \/> <w:LsdException Locked=\"false\" Priority=\"61\" SemiHidden=\"false\"    UnhideWhenUsed=\"false\" Name=\"Light List Accent 1\" \/> <w:LsdException Locked=\"false\" Priority=\"62\" SemiHidden=\"false\"    UnhideWhenUsed=\"false\" Name=\"Light Grid Accent 1\" \/> <w:LsdException Locked=\"false\" Priority=\"63\" SemiHidden=\"false\"    UnhideWhenUsed=\"false\" Name=\"Medium Shading 1 Accent 1\" \/> <w:LsdException Locked=\"false\" Priority=\"64\" SemiHidden=\"false\"    UnhideWhenUsed=\"false\" Name=\"Medium Shading 2 Accent 1\" \/> <w:LsdException Locked=\"false\" Priority=\"65\" SemiHidden=\"false\"    UnhideWhenUsed=\"false\" Name=\"Medium List 1 Accent 1\" \/> <w:LsdException Locked=\"false\" UnhideWhenUsed=\"false\" Name=\"Revision\" \/> <w:LsdException Locked=\"false\" Priority=\"34\" SemiHidden=\"false\"    UnhideWhenUsed=\"false\" QFormat=\"true\" Name=\"List Paragraph\" \/> <w:LsdException Locked=\"false\" Priority=\"29\" SemiHidden=\"false\"    UnhideWhenUsed=\"false\" QFormat=\"true\" Name=\"Quote\" \/> <w:LsdException Locked=\"false\" Priority=\"30\" SemiHidden=\"false\"    UnhideWhenUsed=\"false\" QFormat=\"true\" Name=\"Intense Quote\" \/> <w:LsdException Locked=\"false\" Priority=\"66\" SemiHidden=\"false\"    UnhideWhenUsed=\"false\" Name=\"Medium List 2 Accent 1\" \/> <w:LsdException Locked=\"false\" Priority=\"67\" SemiHidden=\"false\"    UnhideWhenUsed=\"false\" Name=\"Medium Grid 1 Accent 1\" \/> <w:LsdException Locked=\"false\" Priority=\"68\" SemiHidden=\"false\"    UnhideWhenUsed=\"false\" Name=\"Medium Grid 2 Accent 1\" \/> <w:LsdException Locked=\"false\" Priority=\"69\" SemiHidden=\"false\"    UnhideWhenUsed=\"false\" Name=\"Medium Grid 3 Accent 1\" \/> <w:LsdException Locked=\"false\" Priority=\"70\" SemiHidden=\"false\"    UnhideWhenUsed=\"false\" Name=\"Dark List Accent 1\" \/> <w:LsdException Locked=\"false\" Priority=\"71\" SemiHidden=\"false\"    UnhideWhenUsed=\"false\" Name=\"Colorful Shading Accent 1\" \/> <w:LsdException Locked=\"false\" Priority=\"72\" SemiHidden=\"false\"    UnhideWhenUsed=\"false\" Name=\"Colorful List Accent 1\" \/> <w:LsdException Locked=\"false\" Priority=\"73\" SemiHidden=\"false\"    UnhideWhenUsed=\"false\" Name=\"Colorful Grid Accent 1\" \/> <w:LsdException Locked=\"false\" Priority=\"60\" SemiHidden=\"false\"    UnhideWhenUsed=\"false\" Name=\"Light Shading Accent 2\" \/> <w:LsdException Locked=\"false\" Priority=\"61\" SemiHidden=\"false\"    UnhideWhenUsed=\"false\" Name=\"Light List Accent 2\" \/> <w:LsdException Locked=\"false\" Priority=\"62\" SemiHidden=\"false\"    UnhideWhenUsed=\"false\" Name=\"Light Grid Accent 2\" \/> <w:LsdException Locked=\"false\" Priority=\"63\" SemiHidden=\"false\"    UnhideWhenUsed=\"false\" Name=\"Medium Shading 1 Accent 2\" \/> <w:LsdException Locked=\"false\" Priority=\"64\" SemiHidden=\"false\"    UnhideWhenUsed=\"false\" Name=\"Medium Shading 2 Accent 2\" \/> <w:LsdException Locked=\"false\" Priority=\"65\" SemiHidden=\"false\"    UnhideWhenUsed=\"false\" Name=\"Medium List 1 Accent 2\" \/> <w:LsdException Locked=\"false\" Priority=\"66\" SemiHidden=\"false\"    UnhideWhenUsed=\"false\" Name=\"Medium List 2 Accent 2\" \/> <w:LsdException Locked=\"false\" Priority=\"67\" SemiHidden=\"false\"    UnhideWhenUsed=\"false\" Name=\"Medium Grid 1 Accent 2\" \/> <w:LsdException Locked=\"false\" Priority=\"68\" SemiHidden=\"false\"    UnhideWhenUsed=\"false\" Name=\"Medium Grid 2 Accent 2\" \/> <w:LsdException Locked=\"false\" Priority=\"69\" SemiHidden=\"false\"    UnhideWhenUsed=\"false\" Name=\"Medium Grid 3 Accent 2\" \/> <w:LsdException Locked=\"false\" Priority=\"70\" SemiHidden=\"false\"    UnhideWhenUsed=\"false\" Name=\"Dark List Accent 2\" \/> <w:LsdException Locked=\"false\" Priority=\"71\" SemiHidden=\"false\"    UnhideWhenUsed=\"false\" Name=\"Colorful Shading Accent 2\" \/> <w:LsdException Locked=\"false\" Priority=\"72\" SemiHidden=\"false\"    UnhideWhenUsed=\"false\" Name=\"Colorful List Accent 2\" \/> <w:LsdException Locked=\"false\" Priority=\"73\" SemiHidden=\"false\"    UnhideWhenUsed=\"false\" Name=\"Colorful Grid Accent 2\" \/> <w:LsdException Locked=\"false\" Priority=\"60\" SemiHidden=\"false\"    UnhideWhenUsed=\"false\" Name=\"Light Shading Accent 3\" \/> <w:LsdException Locked=\"false\" Priority=\"61\" SemiHidden=\"false\"    UnhideWhenUsed=\"false\" Name=\"Light List Accent 3\" \/> <w:LsdException Locked=\"false\" Priority=\"62\" SemiHidden=\"false\"    UnhideWhenUsed=\"false\" Name=\"Light Grid Accent 3\" \/> <w:LsdException Locked=\"false\" Priority=\"63\" SemiHidden=\"false\"    UnhideWhenUsed=\"false\" Name=\"Medium Shading 1 Accent 3\" \/> <w:LsdException Locked=\"false\" Priority=\"64\" SemiHidden=\"false\"    UnhideWhenUsed=\"false\" Name=\"Medium Shading 2 Accent 3\" \/> <w:LsdException Locked=\"false\" Priority=\"65\" SemiHidden=\"false\"    UnhideWhenUsed=\"false\" Name=\"Medium List 1 Accent 3\" \/> <w:LsdException Locked=\"false\" Priority=\"66\" SemiHidden=\"false\"    UnhideWhenUsed=\"false\" Name=\"Medium List 2 Accent 3\" \/> <w:LsdException Locked=\"false\" Priority=\"67\" SemiHidden=\"false\"    UnhideWhenUsed=\"false\" Name=\"Medium Grid 1 Accent 3\" \/> <w:LsdException Locked=\"false\" Priority=\"68\" SemiHidden=\"false\"    UnhideWhenUsed=\"false\" Name=\"Medium Grid 2 Accent 3\" \/> <w:LsdException Locked=\"false\" Priority=\"69\" SemiHidden=\"false\"    UnhideWhenUsed=\"false\" Name=\"Medium Grid 3 Accent 3\" \/> <w:LsdException Locked=\"false\" Priority=\"70\" SemiHidden=\"false\"    UnhideWhenUsed=\"false\" Name=\"Dark List Accent 3\" \/> <w:LsdException Locked=\"false\" Priority=\"71\" SemiHidden=\"false\"    UnhideWhenUsed=\"false\" Name=\"Colorful Shading Accent 3\" \/> <w:LsdException Locked=\"false\" Priority=\"72\" SemiHidden=\"false\"    UnhideWhenUsed=\"false\" Name=\"Colorful List Accent 3\" \/> <w:LsdException Locked=\"false\" Priority=\"73\" SemiHidden=\"false\"    UnhideWhenUsed=\"false\" Name=\"Colorful Grid Accent 3\" \/> <w:LsdException Locked=\"false\" Priority=\"60\" SemiHidden=\"false\"    UnhideWhenUsed=\"false\" Name=\"Light Shading Accent 4\" \/> <w:LsdException Locked=\"false\" Priority=\"61\" SemiHidden=\"false\"    UnhideWhenUsed=\"false\" Name=\"Light List Accent 4\" \/> <w:LsdException Locked=\"false\" Priority=\"62\" SemiHidden=\"false\"    UnhideWhenUsed=\"false\" Name=\"Light Grid Accent 4\" \/> <w:LsdException Locked=\"false\" Priority=\"63\" SemiHidden=\"false\"    UnhideWhenUsed=\"false\" Name=\"Medium Shading 1 Accent 4\" \/> <w:LsdException Locked=\"false\" Priority=\"64\" SemiHidden=\"false\"    UnhideWhenUsed=\"false\" Name=\"Medium Shading 2 Accent 4\" \/> <w:LsdException Locked=\"false\" Priority=\"65\" SemiHidden=\"false\"    UnhideWhenUsed=\"false\" Name=\"Medium List 1 Accent 4\" \/> <w:LsdException Locked=\"false\" Priority=\"66\" SemiHidden=\"false\"    UnhideWhenUsed=\"false\" Name=\"Medium List 2 Accent 4\" \/> <w:LsdException Locked=\"false\" Priority=\"67\" SemiHidden=\"false\"    UnhideWhenUsed=\"false\" Name=\"Medium Grid 1 Accent 4\" \/> <w:LsdException Locked=\"false\" Priority=\"68\" SemiHidden=\"false\"    UnhideWhenUsed=\"false\" Name=\"Medium Grid 2 Accent 4\" \/> <w:LsdException Locked=\"false\" Priority=\"69\" SemiHidden=\"false\"    UnhideWhenUsed=\"false\" Name=\"Medium Grid 3 Accent 4\" \/> <w:LsdException Locked=\"false\" Priority=\"70\" SemiHidden=\"false\"    UnhideWhenUsed=\"false\" Name=\"Dark List Accent 4\" \/> <w:LsdException Locked=\"false\" Priority=\"71\" SemiHidden=\"false\"    UnhideWhenUsed=\"false\" Name=\"Colorful Shading Accent 4\" \/> <w:LsdException Locked=\"false\" Priority=\"72\" SemiHidden=\"false\"    UnhideWhenUsed=\"false\" Name=\"Colorful List Accent 4\" \/> <w:LsdException Locked=\"false\" Priority=\"73\" SemiHidden=\"false\"    UnhideWhenUsed=\"false\" Name=\"Colorful Grid Accent 4\" \/> <w:LsdException Locked=\"false\" Priority=\"60\" SemiHidden=\"false\"    UnhideWhenUsed=\"false\" Name=\"Light Shading Accent 5\" \/> <w:LsdException Locked=\"false\" Priority=\"61\" SemiHidden=\"false\"    UnhideWhenUsed=\"false\" Name=\"Light List Accent 5\" \/> <w:LsdException Locked=\"false\" Priority=\"62\" SemiHidden=\"false\"    UnhideWhenUsed=\"false\" Name=\"Light Grid Accent 5\" \/> <w:LsdException Locked=\"false\" Priority=\"63\" SemiHidden=\"false\"    UnhideWhenUsed=\"false\" Name=\"Medium Shading 1 Accent 5\" \/> <w:LsdException Locked=\"false\" Priority=\"64\" SemiHidden=\"false\"    UnhideWhenUsed=\"false\" Name=\"Medium Shading 2 Accent 5\" \/> <w:LsdException Locked=\"false\" Priority=\"65\" SemiHidden=\"false\"    UnhideWhenUsed=\"false\" Name=\"Medium List 1 Accent 5\" \/> <w:LsdException Locked=\"false\" Priority=\"66\" SemiHidden=\"false\"    UnhideWhenUsed=\"false\" Name=\"Medium List 2 Accent 5\" \/> <w:LsdException Locked=\"false\" Priority=\"67\" SemiHidden=\"false\"    UnhideWhenUsed=\"false\" Name=\"Medium Grid 1 Accent 5\" \/> <w:LsdException Locked=\"false\" Priority=\"68\" SemiHidden=\"false\"    UnhideWhenUsed=\"false\" Name=\"Medium Grid 2 Accent 5\" \/> <w:LsdException Locked=\"false\" Priority=\"69\" SemiHidden=\"false\"    UnhideWhenUsed=\"false\" Name=\"Medium Grid 3 Accent 5\" \/> <w:LsdException Locked=\"false\" Priority=\"70\" SemiHidden=\"false\"    UnhideWhenUsed=\"false\" Name=\"Dark List Accent 5\" \/> <w:LsdException Locked=\"false\" Priority=\"71\" SemiHidden=\"false\"    UnhideWhenUsed=\"false\" Name=\"Colorful Shading Accent 5\" \/> <w:LsdException Locked=\"false\" Priority=\"72\" SemiHidden=\"false\"    UnhideWhenUsed=\"false\" Name=\"Colorful List Accent 5\" \/> <w:LsdException Locked=\"false\" Priority=\"73\" SemiHidden=\"false\"    UnhideWhenUsed=\"false\" Name=\"Colorful Grid Accent 5\" \/> <w:LsdException Locked=\"false\" Priority=\"60\" SemiHidden=\"false\"    UnhideWhenUsed=\"false\" Name=\"Light Shading Accent 6\" \/> <w:LsdException Locked=\"false\" Priority=\"61\" SemiHidden=\"false\"    UnhideWhenUsed=\"false\" Name=\"Light List Accent 6\" \/> <w:LsdException Locked=\"false\" Priority=\"62\" SemiHidden=\"false\"    UnhideWhenUsed=\"false\" Name=\"Light Grid Accent 6\" \/> <w:LsdException Locked=\"false\" Priority=\"63\" SemiHidden=\"false\"    UnhideWhenUsed=\"false\" Name=\"Medium Shading 1 Accent 6\" \/> <w:LsdException Locked=\"false\" Priority=\"64\" SemiHidden=\"false\"    UnhideWhenUsed=\"false\" Name=\"Medium Shading 2 Accent 6\" \/> <w:LsdException Locked=\"false\" Priority=\"65\" SemiHidden=\"false\"    UnhideWhenUsed=\"false\" Name=\"Medium List 1 Accent 6\" \/> <w:LsdException Locked=\"false\" Priority=\"66\" SemiHidden=\"false\"    UnhideWhenUsed=\"false\" Name=\"Medium List 2 Accent 6\" \/> <w:LsdException Locked=\"false\" Priority=\"67\" SemiHidden=\"false\"    UnhideWhenUsed=\"false\" Name=\"Medium Grid 1 Accent 6\" \/> <w:LsdException Locked=\"false\" Priority=\"68\" SemiHidden=\"false\"    UnhideWhenUsed=\"false\" Name=\"Medium Grid 2 Accent 6\" \/> <w:LsdException Locked=\"false\" Priority=\"69\" SemiHidden=\"false\"    UnhideWhenUsed=\"false\" Name=\"Medium Grid 3 Accent 6\" \/> <w:LsdException Locked=\"false\" Priority=\"70\" SemiHidden=\"false\"    UnhideWhenUsed=\"false\" Name=\"Dark List Accent 6\" \/> <w:LsdException Locked=\"false\" Priority=\"71\" SemiHidden=\"false\"    UnhideWhenUsed=\"false\" Name=\"Colorful Shading Accent 6\" \/> <w:LsdException Locked=\"false\" Priority=\"72\" SemiHidden=\"false\"    UnhideWhenUsed=\"false\" Name=\"Colorful List Accent 6\" \/> <w:LsdException Locked=\"false\" Priority=\"73\" SemiHidden=\"false\"    UnhideWhenUsed=\"false\" Name=\"Colorful Grid Accent 6\" \/> <w:LsdException Locked=\"false\" Priority=\"19\" SemiHidden=\"false\"    UnhideWhenUsed=\"false\" QFormat=\"true\" Name=\"Subtle Emphasis\" \/> <w:LsdException Locked=\"false\" Priority=\"21\" SemiHidden=\"false\"    UnhideWhenUsed=\"false\" QFormat=\"true\" Name=\"Intense Emphasis\" \/> <w:LsdException Locked=\"false\" Priority=\"31\" SemiHidden=\"false\"    UnhideWhenUsed=\"false\" QFormat=\"true\" Name=\"Subtle Reference\" \/> <w:LsdException Locked=\"false\" Priority=\"32\" SemiHidden=\"false\"    UnhideWhenUsed=\"false\" QFormat=\"true\" Name=\"Intense Reference\" \/> <w:LsdException Locked=\"false\" Priority=\"33\" SemiHidden=\"false\"    UnhideWhenUsed=\"false\" QFormat=\"true\" Name=\"Book Title\" \/> <w:LsdException Locked=\"false\" Priority=\"37\" Name=\"Bibliography\" \/> <w:LsdException Locked=\"false\" Priority=\"39\" QFormat=\"true\" Name=\"TOC Heading\" \/> <\/w:LatentStyles> <\/xml><![endif]--><!-- [if gte mso 10]>\n<mce:style><!   \/* Style Definitions *\/  table.MsoNormalTable \t{mso-style-name:\"Normale Tabelle\"; \tmso-tstyle-rowband-size:0; \tmso-tstyle-colband-size:0; \tmso-style-noshow:yes; \tmso-style-priority:99; \tmso-style-parent:\"\"; \tmso-padding-alt:0cm 5.4pt 0cm 5.4pt; \tmso-para-margin:0cm; \tmso-para-margin-bottom:.0001pt; \tmso-pagination:widow-orphan; \tfont-size:10.0pt; \tfont-family:\"Times New Roman\",\"serif\";} --><\/p>\n<p><!--[endif] --><span style=\"font-size: 12.0pt; font-family: &amp;amp; amp; mso-fareast-font-family: Calibri; mso-fareast-theme-font: minor-latin; color: black; mso-ansi-language: DE; mso-fareast-language: DE; mso-bidi-language: AR-SA;\">Number sense and calculation in the adult and in the developing brain<\/span><\/p>\n<p>Hope to see you there&#8230;<\/p>\n<p>19.12.2013<\/p>\n<p>&#8211; An article has been accepted for publication in <em>The Quarterly Journal of Experimental Psychology<\/em>. Title: &#8222;Can Approximate Mental Calculation Account for Operational Momentum in Addition and Subtraction?&#8220;<\/p>\n<p>15.11.2013<\/p>\n<p>-Our new student assistant, Julia Gerb, started working with us as of today.<\/p>\n<p>-We have a new masters student &#8211; Dany Hoenack- working with us for her masters thesis. \u00a0She will be working with Seda Cavdaroglu for a project on multisensory integration and numerical cognition.<\/p>\n<p>13.09.2013<\/p>\n<p>&#8211; Back from vacation with good news: An article has been accepted for publication in Neuroimage (title: Numerical ordering and symbolic arithmetic share frontal and parietal circuits in the right hemisphere)<\/p>\n<p>&#8211; We are sad to announce that Carolin will leave our group by the end of September to do an internship at the Charit\u00e9. We wish her all the best!<\/p>\n<p>&#8211; This offers the opportunity for students to apply for a position as a student assistant (41 hours\/month) in the group (deadline: 20.09.2013; reference\/Kennziffer: 32\/419\/13).<\/p>\n<p>08.07.2013<\/p>\n<p>-Seda Cavdaroglu turned back from the &#8222;<a href=\"http:\/\/itap-tthv.org\/applforms\/poster.php?code=106365\">2nd International Summer School and Workshop on Brain Dynamics: Connectivity &amp; Cognition<\/a>&#8222;.<\/p>\n<p>01.07.2013<\/p>\n<p>&#8211; Seda Cavadroglu is attending the\u00a0 &#8222;<a href=\"http:\/\/itap-tthv.org\/applforms\/poster.php?code=106365\">2nd International Summer School and Workshop on Brain Dynamics: Connectivity &amp; Cognition<\/a>&#8222;.<\/p>\n<p>24.06.2013<\/p>\n<p>&#8211; Curren Katz is presenting preliminary results at the Colloquium of the Cognitive Psychology Unit (Prof. van der Meer). Wednesday (26.06.2013) 9:00AM<\/p>\n<p>10.06.2013<\/p>\n<p>&#8211; We wish to thank all attendees of the long night of sciences for their interest in our work and the interesting discussions. A special thanks goes to the participants who took part in the small adaptation experiment. The first results will appear here soon.<\/p>\n<p>&#8211; Andr\u00e9 Knops is going to HBM 2013 in Seattle, presenting a <a title=\"Poster Knops &amp; Willmes\" href=\"https:\/\/ww4.aievolution.com\/hbm1301\/index.cfm?do=abs.viewAbs&amp;abs=1213\" target=\"_blank\" rel=\"noopener\">poster<\/a> on the neural system linking ordinal symbolic abilities to symbolic calculation abilities.<\/p>\n<p>&#8211; An article appeared in Frontiers in Psychology &#8222;<a title=\"KnopsZitzmannMcCrink_FrontPsychol2013\" href=\"http:\/\/www.frontiersin.org\/Journal\/Abstract.aspx?s=305&amp;name=developmental_psychology_&amp;ART_DOI=10.3389\/fpsyg.2013.00325\" target=\"_blank\" rel=\"noopener\">examining the presence and determinants of operational momentum in childhood<\/a>&#8222;<\/p>\n<p>&#8211; Andr\u00e9 Knops will achieve the status &#8218;advanced user&#8216; at the <a title=\"BCAN\" href=\"http:\/\/www.berlin-can.de\/\" target=\"_blank\" rel=\"noopener\">Berlin Center for Advanced Neuroimaging<\/a> which allows him to independently measure participants in fMRI.<\/p>\n\n\n<p><\/p>\n\n\n\n<p><\/p>\n","protected":false},"excerpt":{"rendered":"<p>What&#8217;s new in the lab? 19\/02\/2026 Another paper has been accepted for publication. This one is from Marie Jaquel&#8217;s PhD project. Congrats Marie! Title: The Temporal Momentum Effect Reflects Temporal Cognition and Cannot be Entirely Explained by Central Tendency and Range Effects Authors: Jacquel, M. Viarouge, A. &amp; Knops, A. 17\/02\/2026 A paper has been [&hellip;]<\/p>\n","protected":false},"author":1,"featured_media":0,"parent":0,"menu_order":4,"comment_status":"closed","ping_status":"closed","template":"","meta":{"footnotes":""},"class_list":["post-381","page","type-page","status-publish","hentry"],"_links":{"self":[{"href":"http:\/\/www.andreknops.com\/index.php?rest_route=\/wp\/v2\/pages\/381","targetHints":{"allow":["GET"]}}],"collection":[{"href":"http:\/\/www.andreknops.com\/index.php?rest_route=\/wp\/v2\/pages"}],"about":[{"href":"http:\/\/www.andreknops.com\/index.php?rest_route=\/wp\/v2\/types\/page"}],"author":[{"embeddable":true,"href":"http:\/\/www.andreknops.com\/index.php?rest_route=\/wp\/v2\/users\/1"}],"replies":[{"embeddable":true,"href":"http:\/\/www.andreknops.com\/index.php?rest_route=%2Fwp%2Fv2%2Fcomments&post=381"}],"version-history":[{"count":156,"href":"http:\/\/www.andreknops.com\/index.php?rest_route=\/wp\/v2\/pages\/381\/revisions"}],"predecessor-version":[{"id":1042,"href":"http:\/\/www.andreknops.com\/index.php?rest_route=\/wp\/v2\/pages\/381\/revisions\/1042"}],"wp:attachment":[{"href":"http:\/\/www.andreknops.com\/index.php?rest_route=%2Fwp%2Fv2%2Fmedia&parent=381"}],"curies":[{"name":"wp","href":"https:\/\/api.w.org\/{rel}","templated":true}]}}